{"id":3012,"date":"2026-03-04T14:56:16","date_gmt":"2026-03-04T14:56:16","guid":{"rendered":"https:\/\/urbilar.com\/?post_type=property&#038;p=3012"},"modified":"2026-03-23T11:07:42","modified_gmt":"2026-03-23T11:07:42","slug":"zona-montesol-fantastico-chalet-independiente","status":"publish","type":"property","link":"https:\/\/urbilar.com\/en\/property\/zona-montesol-fantastico-chalet-independiente\/","title":{"rendered":"ZONA MONTESOL. FANT\u00c1STICO CHALET INDEPENDIENTE"},"content":{"rendered":"<p><strong>VIVIENDA ALQUILADA. <\/strong><\/p>\n\n\n\n<p><strong>NO DISPONIBLE <\/strong><\/p>\n\n\n\n<p><strong>URBILAR.COM<\/strong> les ofrece un mangn\u00edfico chalet independiente. Parcela privada con jardin y piscina. Su interior se distribuye en una amplio sal\u00f3n comedor, cocina office e independiente,, cuatro dormitorios dobles y tres ba\u00f1os completos, uno de ellos en suite principal. La vivienda disponde de un amplio semi s\u00f3tano con garaje para varios veh\u00edculos. Calefacci\u00f3n. Perfecto estado. Para entrar a vivir.<\/p>\n\n\n\n<p><br><strong>MUY IMPORTANTE: DISPONIBLE A PARTIR DE OCTUBRE 2026<\/strong><\/p>\n\n\n\n<p>Por privacidad y expreso deseo del propietario no se facilitan fotograf\u00edas de la vivienda. <\/p>\n\n\n\n<p><br>Vivienda disponible <strong>\u00daNICAMENTE en ALQUILER DE LARGA DURACI\u00d3N. ( NO VACACIONAL).<\/strong><\/p>\n\n\n\n<p><br>La informaci\u00f3n de la propiedad puede estar sujeta a errores, se muestra a t\u00edtulo informativo y no contractual.<\/p>\n\n\n\n<p><br>Por mandato expreso del propietario, URBILAR.GLOBAL S.L. COMERCIALIZA ESTE INMUEBLE EN EXCLUSIVA, lo que le garantiza un servicio de calidad, un trato f\u00e1cil, sencillo y sin interferencias de terceros. Por este motivo, se ruega no molestar a la propiedad ni a sus vecinos.<\/p>\n\n\n\n<p><br>Con el fin de evitar el intrusismo y\/o conductas comerciales inapropiadas y garantizar as\u00ed a nuestros clientes el servicio de calidad y profesionalidad ofrecido, les informamos que \u00fanicamente colaboramos en la gesti\u00f3n de nuestros inmuebles con agencias inmobiliarias y agentes externos de demostrada trayectoria profesional y debidamente registrados.<\/p>\n\n\n\n<p><br>Honorarios del Mediador en caso de alquiler: UNA MENSUALIDAD m\u00e1s el IVA correspondiente a la firma del contrato de alquiler. <strong>No proceder\u00e1n honorarios en los alquileres de viviendas de uso habitual y\/o larga duraci\u00f3n.<\/strong><\/p>\n\n\n\n<p><br>Inscrita con el N\u00ba RAICV 4114 en el Registro Obligatorio de Agentes Inmobiliarios de la Comunidad Valenciana, seg\u00fan el DECRETO de 29 de julio del Consell, por el que se regula el Registro de Agentes de Intermediaci\u00f3n Inmobiliaria de la Comunidad Valenciana<\/p>","protected":false},"excerpt":{"rendered":"<p>VIVIENDA ALQUILADA. NO DISPONIBLE URBILAR.COM les ofrece un mangn\u00edfico chalet independiente. Parcela privada con jardin y piscina. Su interior se distribuye en una amplio sal\u00f3n comedor, cocina office e independiente,, cuatro dormitorios dobles y tres ba\u00f1os completos, uno de ellos en suite principal. La vivienda disponde de un amplio semi s\u00f3tano con garaje para varios [&hellip;]<\/p>","protected":false},"author":6,"featured_media":3014,"parent":0,"menu_order":0,"template":"","property_type":[],"property_status":[21],"property_feature":[25,19,39,13,27],"property_label":[],"property_country":[54],"property_state":[16],"property_city":[36],"property_area":[80],"class_list":["post-3012","property","type-property","status-publish","has-post-thumbnail","hentry","property_status-alquiler","property_feature-cerca-metro","property_feature-cerca-pueblo","property_feature-destacado","property_feature-garaje","property_feature-sotano","property_country-espana","property_state-comunidad-valenciana","property_city-valencia","property_area-la-eliana"],"property_meta":{"_edit_lock":["1774949336:6"],"_edit_last":["6"],"fave_property_price":["3500"],"fave_show_price_placeholder":["0"],"fave_property_bedrooms":["4"],"fave_property_bathrooms":["3"],"fave_property_year":["2004"],"fave_property_id":["13809"],"fave_property_map":["1"],"fave_property_location":["39.557662427441,-0.52948951721191,12"],"houzez_geolocation_lat":["39.557662427441"],"houzez_geolocation_long":["-0.52948951721191"],"fave_property_map_street_view":["hide"],"fave_featured":["0"],"houzez_featured_listing_date":[""],"fave_loggedintoview":["0"],"fave_agent_display_option":["author_info"],"fave_prop_homeslider":["no"],"fave_single_top_area":["global"],"fave_single_content_area":["global"],"cmplz_hide_cookiebanner":[""],"houzez_manual_expire":["0"],"_houzez_expiration_date_status":["saved"],"_yoast_wpseo_primary_property_type":[""],"_yoast_wpseo_primary_property_status":["21"],"_yoast_wpseo_primary_property_feature":["25"],"_yoast_wpseo_primary_property_label":[""],"_yoast_wpseo_primary_property_country":["54"],"_yoast_wpseo_primary_property_state":["16"],"_yoast_wpseo_primary_property_city":["36"],"_yoast_wpseo_primary_property_area":["80"],"_yoast_wpseo_content_score":["90"],"_yoast_wpseo_estimated-reading-time-minutes":["2"],"fave_property_map_address":["46183, l'Eliana, el Camp de T\u00faria, Val\u00e8ncia \/ Valencia, Comunitat Valenciana, Espa\u00f1a"],"houzez_total_property_views":["80"],"houzez_views_by_date":["a:39:{s:10:\"03-04-2026\";i:12;s:10:\"03-05-2026\";i:1;s:10:\"03-06-2026\";i:2;s:10:\"03-07-2026\";i:2;s:10:\"03-08-2026\";i:1;s:10:\"03-10-2026\";i:2;s:10:\"03-11-2026\";i:2;s:10:\"03-12-2026\";i:1;s:10:\"03-13-2026\";i:2;s:10:\"03-16-2026\";i:1;s:10:\"03-17-2026\";i:1;s:10:\"03-19-2026\";i:4;s:10:\"03-22-2026\";i:2;s:10:\"03-23-2026\";i:2;s:10:\"03-24-2026\";i:2;s:10:\"03-25-2026\";i:3;s:10:\"03-26-2026\";i:1;s:10:\"03-29-2026\";i:1;s:10:\"03-31-2026\";i:3;s:10:\"04-01-2026\";i:3;s:10:\"04-03-2026\";i:1;s:10:\"04-04-2026\";i:3;s:10:\"04-05-2026\";i:2;s:10:\"04-06-2026\";i:1;s:10:\"04-08-2026\";i:1;s:10:\"04-09-2026\";i:1;s:10:\"04-10-2026\";i:1;s:10:\"04-11-2026\";i:2;s:10:\"04-12-2026\";i:1;s:10:\"04-15-2026\";i:4;s:10:\"04-16-2026\";i:1;s:10:\"04-17-2026\";i:3;s:10:\"04-18-2026\";i:1;s:10:\"04-19-2026\";i:1;s:10:\"04-20-2026\";i:1;s:10:\"04-21-2026\";i:3;s:10:\"04-22-2026\";i:1;s:10:\"04-24-2026\";i:1;s:10:\"04-27-2026\";i:3;}"],"houzez_recently_viewed":["2026-04-27 22:19:41"],"_elementor_page_assets":["a:0:{}"],"_thumbnail_id":["3014"],"fave_property_images":["3016","3015","3014","3013"]},"yoast_head":"<!-- This site is optimized with the Yoast SEO plugin v26.3 - https:\/\/yoast.com\/wordpress\/plugins\/seo\/ -->\n<title>ZONA MONTESOL. FANT\u00c1STICO CHALET INDEPENDIENTE - Urbilar<\/title>\n<meta name=\"robots\" content=\"index, follow, max-snippet:-1, max-image-preview:large, max-video-preview:-1\" \/>\n<link rel=\"canonical\" href=\"https:\/\/urbilar.com\/en\/property\/zona-montesol-fantastico-chalet-independiente\/\" \/>\n<meta property=\"og:locale\" content=\"en_GB\" \/>\n<meta property=\"og:type\" content=\"article\" \/>\n<meta property=\"og:title\" content=\"ZONA MONTESOL. FANT\u00c1STICO CHALET INDEPENDIENTE - Urbilar\" \/>\n<meta property=\"og:description\" content=\"VIVIENDA ALQUILADA. NO DISPONIBLE URBILAR.COM les ofrece un mangn\u00edfico chalet independiente. Parcela privada con jardin y piscina. Su interior se distribuye en una amplio sal\u00f3n comedor, cocina office e independiente,, cuatro dormitorios dobles y tres ba\u00f1os completos, uno de ellos en suite principal. La vivienda disponde de un amplio semi s\u00f3tano con garaje para varios [&hellip;]\" \/>\n<meta property=\"og:url\" content=\"https:\/\/urbilar.com\/en\/property\/zona-montesol-fantastico-chalet-independiente\/\" \/>\n<meta property=\"og:site_name\" content=\"Urbilar\" \/>\n<meta property=\"article:modified_time\" content=\"2026-03-23T11:07:42+00:00\" \/>\n<meta property=\"og:image\" content=\"https:\/\/urbilar.com\/wp-content\/uploads\/2026\/03\/2.png?v=1772635784\" \/>\n\t<meta property=\"og:image:width\" content=\"960\" \/>\n\t<meta property=\"og:image:height\" content=\"439\" \/>\n\t<meta property=\"og:image:type\" content=\"image\/png\" \/>\n<meta name=\"twitter:card\" content=\"summary_large_image\" \/>\n<meta name=\"twitter:label1\" content=\"Estimated reading time\" \/>\n\t<meta name=\"twitter:data1\" content=\"2 minutes\" \/>\n<script type=\"application\/ld+json\" class=\"yoast-schema-graph\">{\"@context\":\"https:\/\/schema.org\",\"@graph\":[{\"@type\":\"WebPage\",\"@id\":\"https:\/\/urbilar.com\/property\/zona-montesol-fantastico-chalet-independiente\/\",\"url\":\"https:\/\/urbilar.com\/property\/zona-montesol-fantastico-chalet-independiente\/\",\"name\":\"ZONA MONTESOL. FANT\u00c1STICO CHALET INDEPENDIENTE - Urbilar\",\"isPartOf\":{\"@id\":\"https:\/\/urbilar.com\/#website\"},\"primaryImageOfPage\":{\"@id\":\"https:\/\/urbilar.com\/property\/zona-montesol-fantastico-chalet-independiente\/#primaryimage\"},\"image\":{\"@id\":\"https:\/\/urbilar.com\/property\/zona-montesol-fantastico-chalet-independiente\/#primaryimage\"},\"thumbnailUrl\":\"https:\/\/urbilar.com\/wp-content\/uploads\/2026\/03\/2.png?v=1772635784\",\"datePublished\":\"2026-03-04T14:56:16+00:00\",\"dateModified\":\"2026-03-23T11:07:42+00:00\",\"breadcrumb\":{\"@id\":\"https:\/\/urbilar.com\/property\/zona-montesol-fantastico-chalet-independiente\/#breadcrumb\"},\"inLanguage\":\"en-GB\",\"potentialAction\":[{\"@type\":\"ReadAction\",\"target\":[\"https:\/\/urbilar.com\/property\/zona-montesol-fantastico-chalet-independiente\/\"]}]},{\"@type\":\"ImageObject\",\"inLanguage\":\"en-GB\",\"@id\":\"https:\/\/urbilar.com\/property\/zona-montesol-fantastico-chalet-independiente\/#primaryimage\",\"url\":\"https:\/\/urbilar.com\/wp-content\/uploads\/2026\/03\/2.png?v=1772635784\",\"contentUrl\":\"https:\/\/urbilar.com\/wp-content\/uploads\/2026\/03\/2.png?v=1772635784\",\"width\":960,\"height\":439},{\"@type\":\"BreadcrumbList\",\"@id\":\"https:\/\/urbilar.com\/property\/zona-montesol-fantastico-chalet-independiente\/#breadcrumb\",\"itemListElement\":[{\"@type\":\"ListItem\",\"position\":1,\"name\":\"Portada\",\"item\":\"https:\/\/urbilar.com\/\"},{\"@type\":\"ListItem\",\"position\":2,\"name\":\"Propiedades\",\"item\":\"https:\/\/urbilar.com\/property\/\"},{\"@type\":\"ListItem\",\"position\":3,\"name\":\"ZONA MONTESOL. FANT\u00c1STICO CHALET INDEPENDIENTE\"}]},{\"@type\":\"WebSite\",\"@id\":\"https:\/\/urbilar.com\/#website\",\"url\":\"https:\/\/urbilar.com\/\",\"name\":\"Urbilar\",\"description\":\"\",\"potentialAction\":[{\"@type\":\"SearchAction\",\"target\":{\"@type\":\"EntryPoint\",\"urlTemplate\":\"https:\/\/urbilar.com\/?s={search_term_string}\"},\"query-input\":{\"@type\":\"PropertyValueSpecification\",\"valueRequired\":true,\"valueName\":\"search_term_string\"}}],\"inLanguage\":\"en-GB\"}]}<\/script>\n<!-- \/ Yoast SEO plugin. -->","yoast_head_json":{"title":"ZONA MONTESOL. FANT\u00c1STICO CHALET INDEPENDIENTE - Urbilar","robots":{"index":"index","follow":"follow","max-snippet":"max-snippet:-1","max-image-preview":"max-image-preview:large","max-video-preview":"max-video-preview:-1"},"canonical":"https:\/\/urbilar.com\/en\/property\/zona-montesol-fantastico-chalet-independiente\/","og_locale":"en_GB","og_type":"article","og_title":"ZONA MONTESOL. FANT\u00c1STICO CHALET INDEPENDIENTE - Urbilar","og_description":"VIVIENDA ALQUILADA. NO DISPONIBLE URBILAR.COM les ofrece un mangn\u00edfico chalet independiente. Parcela privada con jardin y piscina. Su interior se distribuye en una amplio sal\u00f3n comedor, cocina office e independiente,, cuatro dormitorios dobles y tres ba\u00f1os completos, uno de ellos en suite principal. La vivienda disponde de un amplio semi s\u00f3tano con garaje para varios [&hellip;]","og_url":"https:\/\/urbilar.com\/en\/property\/zona-montesol-fantastico-chalet-independiente\/","og_site_name":"Urbilar","article_modified_time":"2026-03-23T11:07:42+00:00","og_image":[{"width":960,"height":439,"url":"https:\/\/urbilar.com\/wp-content\/uploads\/2026\/03\/2.png?v=1772635784","type":"image\/png"}],"twitter_card":"summary_large_image","twitter_misc":{"Estimated reading time":"2 minutes"},"schema":{"@context":"https:\/\/schema.org","@graph":[{"@type":"WebPage","@id":"https:\/\/urbilar.com\/property\/zona-montesol-fantastico-chalet-independiente\/","url":"https:\/\/urbilar.com\/property\/zona-montesol-fantastico-chalet-independiente\/","name":"ZONA MONTESOL. FANT\u00c1STICO CHALET INDEPENDIENTE - Urbilar","isPartOf":{"@id":"https:\/\/urbilar.com\/#website"},"primaryImageOfPage":{"@id":"https:\/\/urbilar.com\/property\/zona-montesol-fantastico-chalet-independiente\/#primaryimage"},"image":{"@id":"https:\/\/urbilar.com\/property\/zona-montesol-fantastico-chalet-independiente\/#primaryimage"},"thumbnailUrl":"https:\/\/urbilar.com\/wp-content\/uploads\/2026\/03\/2.png?v=1772635784","datePublished":"2026-03-04T14:56:16+00:00","dateModified":"2026-03-23T11:07:42+00:00","breadcrumb":{"@id":"https:\/\/urbilar.com\/property\/zona-montesol-fantastico-chalet-independiente\/#breadcrumb"},"inLanguage":"en-GB","potentialAction":[{"@type":"ReadAction","target":["https:\/\/urbilar.com\/property\/zona-montesol-fantastico-chalet-independiente\/"]}]},{"@type":"ImageObject","inLanguage":"en-GB","@id":"https:\/\/urbilar.com\/property\/zona-montesol-fantastico-chalet-independiente\/#primaryimage","url":"https:\/\/urbilar.com\/wp-content\/uploads\/2026\/03\/2.png?v=1772635784","contentUrl":"https:\/\/urbilar.com\/wp-content\/uploads\/2026\/03\/2.png?v=1772635784","width":960,"height":439},{"@type":"BreadcrumbList","@id":"https:\/\/urbilar.com\/property\/zona-montesol-fantastico-chalet-independiente\/#breadcrumb","itemListElement":[{"@type":"ListItem","position":1,"name":"Portada","item":"https:\/\/urbilar.com\/"},{"@type":"ListItem","position":2,"name":"Propiedades","item":"https:\/\/urbilar.com\/property\/"},{"@type":"ListItem","position":3,"name":"ZONA MONTESOL. FANT\u00c1STICO CHALET INDEPENDIENTE"}]},{"@type":"WebSite","@id":"https:\/\/urbilar.com\/#website","url":"https:\/\/urbilar.com\/","name":"Urbilar","description":"","potentialAction":[{"@type":"SearchAction","target":{"@type":"EntryPoint","urlTemplate":"https:\/\/urbilar.com\/?s={search_term_string}"},"query-input":{"@type":"PropertyValueSpecification","valueRequired":true,"valueName":"search_term_string"}}],"inLanguage":"en-GB"}]}},"_links":{"self":[{"href":"https:\/\/urbilar.com\/en\/wp-json\/wp\/v2\/properties\/3012","targetHints":{"allow":["GET"]}}],"collection":[{"href":"https:\/\/urbilar.com\/en\/wp-json\/wp\/v2\/properties"}],"about":[{"href":"https:\/\/urbilar.com\/en\/wp-json\/wp\/v2\/types\/property"}],"author":[{"embeddable":true,"href":"https:\/\/urbilar.com\/en\/wp-json\/wp\/v2\/users\/6"}],"version-history":[{"count":2,"href":"https:\/\/urbilar.com\/en\/wp-json\/wp\/v2\/properties\/3012\/revisions"}],"predecessor-version":[{"id":3067,"href":"https:\/\/urbilar.com\/en\/wp-json\/wp\/v2\/properties\/3012\/revisions\/3067"}],"wp:featuredmedia":[{"embeddable":true,"href":"https:\/\/urbilar.com\/en\/wp-json\/wp\/v2\/media\/3014"}],"wp:attachment":[{"href":"https:\/\/urbilar.com\/en\/wp-json\/wp\/v2\/media?parent=3012"}],"wp:term":[{"taxonomy":"property_type","embeddable":true,"href":"https:\/\/urbilar.com\/en\/wp-json\/wp\/v2\/property_type?post=3012"},{"taxonomy":"property_status","embeddable":true,"href":"https:\/\/urbilar.com\/en\/wp-json\/wp\/v2\/property_status?post=3012"},{"taxonomy":"property_feature","embeddable":true,"href":"https:\/\/urbilar.com\/en\/wp-json\/wp\/v2\/property_feature?post=3012"},{"taxonomy":"property_label","embeddable":true,"href":"https:\/\/urbilar.com\/en\/wp-json\/wp\/v2\/property_label?post=3012"},{"taxonomy":"property_country","embeddable":true,"href":"https:\/\/urbilar.com\/en\/wp-json\/wp\/v2\/property_country?post=3012"},{"taxonomy":"property_state","embeddable":true,"href":"https:\/\/urbilar.com\/en\/wp-json\/wp\/v2\/property_state?post=3012"},{"taxonomy":"property_city","embeddable":true,"href":"https:\/\/urbilar.com\/en\/wp-json\/wp\/v2\/property_city?post=3012"},{"taxonomy":"property_area","embeddable":true,"href":"https:\/\/urbilar.com\/en\/wp-json\/wp\/v2\/property_area?post=3012"}],"curies":[{"name":"wp","href":"https:\/\/api.w.org\/{rel}","templated":true}]}}