{"id":3018,"date":"2026-03-04T15:11:38","date_gmt":"2026-03-04T15:11:38","guid":{"rendered":"https:\/\/urbilar.com\/?post_type=property&#038;p=3018"},"modified":"2026-04-20T14:33:18","modified_gmt":"2026-04-20T14:33:18","slug":"piso-en-el-centro-con-dos-dormitorios-y-plaza-de-garaje-incluida","status":"publish","type":"property","link":"https:\/\/urbilar.com\/en\/property\/piso-en-el-centro-con-dos-dormitorios-y-plaza-de-garaje-incluida\/","title":{"rendered":"PISO EN EL CENTRO CON DOS DORMITORIOS Y PLAZA DE GARAJE INCLUIDA"},"content":{"rendered":"<p><strong>RESERVADO. VIVIENDA NO DISPONIBLE. <\/strong><\/p>\n\n\n\n<p><\/p>\n\n\n\n<p><strong>ZONA CENTRO URBANO.<\/strong><\/p>\n\n\n\n<p><strong>URBILAR. COM<\/strong> les ofrece un piso en pleno centro urbano. La vivienda dispone de dos dormitorios dobles, (antes 3 ), sal\u00f3n comedor amplio y exterior con balc\u00f3n, cocina office, independiente y con acceso a patio interior, dos ba\u00f1o completos, uno de ellos en suite principal. Espaciosos armarios empotrados. Aire acondicionado por conductos. Sistema de aerotermia. Calefacci\u00f3n central por radiadores. Finca semi nueva. Ascensor. Plaza de garaje y gastos de comunidad incluidas en el precio.<\/p>\n\n\n\n<p>Vivienda disponible <strong>\u00daNICAMENTE en ALQUILER DE LARGA DURACI\u00d3N. ( NO VACACIONAL).<\/strong><\/p>\n\n\n\n<p>La informaci\u00f3n de la propiedad puede estar sujeta a errores, se muestra a t\u00edtulo informativo y no contractual.<\/p>\n\n\n\n<p>Con el fin de evitar el intrusismo y\/o conductas comerciales inapropiadas y garantizar as\u00ed a nuestros clientes el servicio de calidad y profesionalidad ofrecido, les informamos que \u00fanicamente colaboramos en la gesti\u00f3n de nuestros inmuebles con agencias inmobiliarias y agentes externos de demostrada trayectoria profesional y debidamente registrados.<\/p>\n\n\n\n<p>Honorarios del Mediador en caso de alquiler: UNA MENSUALIDAD m\u00e1s el IVA correspondiente a la firma del contrato de alquiler. <strong>No proceder\u00e1n honorarios en los alquileres de viviendas de uso habitual y\/o larga duraci\u00f3n.<\/strong><\/p>\n\n\n\n<p>Inscrita con el N\u00ba RAICV 4114 en el Registro Obligatorio de Agentes Inmobiliarios de la Comunidad Valenciana, seg\u00fan el DECRETO de 29 de julio del Consell, por el que se regula el Registro de Agentes de Intermediaci\u00f3n Inmobiliaria de la Comunidad Valenciana.<\/p>\n\n\n\n<p><\/p>","protected":false},"excerpt":{"rendered":"<p>RESERVADO. VIVIENDA NO DISPONIBLE. ZONA CENTRO URBANO. URBILAR. COM les ofrece un piso en pleno centro urbano. La vivienda dispone de dos dormitorios dobles, (antes 3 ), sal\u00f3n comedor amplio y exterior con balc\u00f3n, cocina office, independiente y con acceso a patio interior, dos ba\u00f1o completos, uno de ellos en suite principal. Espaciosos armarios empotrados. [&hellip;]<\/p>","protected":false},"author":6,"featured_media":3120,"parent":0,"menu_order":0,"template":"","property_type":[],"property_status":[21],"property_feature":[19,39,13,101],"property_label":[],"property_country":[54],"property_state":[16],"property_city":[],"property_area":[80],"class_list":["post-3018","property","type-property","status-publish","has-post-thumbnail","hentry","property_status-alquiler","property_feature-cerca-pueblo","property_feature-destacado","property_feature-garaje","property_feature-reformado","property_country-espana","property_state-comunidad-valenciana","property_area-la-eliana"],"property_meta":{"_edit_lock":["1776695611:6"],"_edit_last":["6"],"fave_property_price":["1500"],"fave_show_price_placeholder":["0"],"fave_property_bedrooms":["2"],"fave_property_bathrooms":["1"],"fave_property_id":["13810"],"fave_property_map":["1"],"fave_property_location":["39.5659406,-0.5300172,12"],"houzez_geolocation_lat":["39.5659406"],"houzez_geolocation_long":["-0.5300172"],"fave_property_map_street_view":["hide"],"fave_featured":["0"],"houzez_featured_listing_date":[""],"fave_loggedintoview":["0"],"fave_agent_display_option":["author_info"],"fave_prop_homeslider":["no"],"fave_single_top_area":["global"],"fave_single_content_area":["global"],"cmplz_hide_cookiebanner":[""],"houzez_manual_expire":["0"],"_houzez_expiration_date_status":["saved"],"_yoast_wpseo_primary_property_type":[""],"_yoast_wpseo_primary_property_status":["21"],"_yoast_wpseo_primary_property_feature":["19"],"_yoast_wpseo_primary_property_label":[""],"_yoast_wpseo_primary_property_country":["54"],"_yoast_wpseo_primary_property_state":["16"],"_yoast_wpseo_primary_property_city":[""],"_yoast_wpseo_primary_property_area":["80"],"_yoast_wpseo_content_score":["90"],"_yoast_wpseo_estimated-reading-time-minutes":["2"],"_thumbnail_id":["3120"],"fave_property_map_address":["46183, l'Eliana, el Camp de T\u00faria, Val\u00e8ncia \/ Valencia, Comunitat Valenciana, Espa\u00f1a"],"houzez_total_property_views":["99"],"houzez_views_by_date":["a:40:{s:10:\"03-04-2026\";i:7;s:10:\"03-05-2026\";i:1;s:10:\"03-06-2026\";i:2;s:10:\"03-07-2026\";i:1;s:10:\"03-08-2026\";i:3;s:10:\"03-11-2026\";i:3;s:10:\"03-13-2026\";i:1;s:10:\"03-15-2026\";i:2;s:10:\"03-17-2026\";i:2;s:10:\"03-18-2026\";i:2;s:10:\"03-20-2026\";i:1;s:10:\"03-22-2026\";i:3;s:10:\"03-23-2026\";i:1;s:10:\"03-24-2026\";i:4;s:10:\"03-25-2026\";i:7;s:10:\"03-26-2026\";i:1;s:10:\"03-28-2026\";i:1;s:10:\"03-29-2026\";i:1;s:10:\"03-31-2026\";i:2;s:10:\"04-01-2026\";i:1;s:10:\"04-02-2026\";i:2;s:10:\"04-03-2026\";i:3;s:10:\"04-04-2026\";i:1;s:10:\"04-06-2026\";i:1;s:10:\"04-08-2026\";i:2;s:10:\"04-10-2026\";i:1;s:10:\"04-11-2026\";i:7;s:10:\"04-13-2026\";i:3;s:10:\"04-14-2026\";i:1;s:10:\"04-15-2026\";i:1;s:10:\"04-16-2026\";i:1;s:10:\"04-17-2026\";i:16;s:10:\"04-18-2026\";i:1;s:10:\"04-19-2026\";i:2;s:10:\"04-20-2026\";i:4;s:10:\"04-21-2026\";i:1;s:10:\"04-22-2026\";i:1;s:10:\"04-25-2026\";i:2;s:10:\"04-26-2026\";i:2;s:10:\"04-27-2026\";i:1;}"],"houzez_recently_viewed":["2026-04-27 18:18:05"],"_elementor_page_assets":["a:0:{}"],"fave_property_images":["3120","3121","3122","3123","3124","3125","3126","3127","3128","3129","3130","3131"]},"yoast_head":"<!-- This site is optimized with the Yoast SEO plugin v26.3 - https:\/\/yoast.com\/wordpress\/plugins\/seo\/ -->\n<title>PISO EN EL CENTRO CON DOS DORMITORIOS Y PLAZA DE GARAJE INCLUIDA - Urbilar<\/title>\n<meta name=\"robots\" content=\"index, follow, max-snippet:-1, max-image-preview:large, max-video-preview:-1\" \/>\n<link rel=\"canonical\" href=\"https:\/\/urbilar.com\/en\/property\/piso-en-el-centro-con-dos-dormitorios-y-plaza-de-garaje-incluida\/\" \/>\n<meta property=\"og:locale\" content=\"en_GB\" \/>\n<meta property=\"og:type\" content=\"article\" \/>\n<meta property=\"og:title\" content=\"PISO EN EL CENTRO CON DOS DORMITORIOS Y PLAZA DE GARAJE INCLUIDA - Urbilar\" \/>\n<meta property=\"og:description\" content=\"RESERVADO. VIVIENDA NO DISPONIBLE. ZONA CENTRO URBANO. URBILAR. COM les ofrece un piso en pleno centro urbano. La vivienda dispone de dos dormitorios dobles, (antes 3 ), sal\u00f3n comedor amplio y exterior con balc\u00f3n, cocina office, independiente y con acceso a patio interior, dos ba\u00f1o completos, uno de ellos en suite principal. Espaciosos armarios empotrados. [&hellip;]\" \/>\n<meta property=\"og:url\" content=\"https:\/\/urbilar.com\/en\/property\/piso-en-el-centro-con-dos-dormitorios-y-plaza-de-garaje-incluida\/\" \/>\n<meta property=\"og:site_name\" content=\"Urbilar\" \/>\n<meta property=\"article:modified_time\" content=\"2026-04-20T14:33:18+00:00\" \/>\n<meta property=\"og:image\" content=\"https:\/\/urbilar.com\/wp-content\/uploads\/2026\/03\/13810-1.jpg?v=1776421728\" \/>\n\t<meta property=\"og:image:width\" content=\"1300\" \/>\n\t<meta property=\"og:image:height\" content=\"800\" \/>\n\t<meta property=\"og:image:type\" content=\"image\/jpeg\" \/>\n<meta name=\"twitter:card\" content=\"summary_large_image\" \/>\n<meta name=\"twitter:label1\" content=\"Estimated reading time\" \/>\n\t<meta name=\"twitter:data1\" content=\"2 minutes\" \/>\n<script type=\"application\/ld+json\" class=\"yoast-schema-graph\">{\"@context\":\"https:\/\/schema.org\",\"@graph\":[{\"@type\":\"WebPage\",\"@id\":\"https:\/\/urbilar.com\/property\/piso-en-el-centro-con-dos-dormitorios-y-plaza-de-garaje-incluida\/\",\"url\":\"https:\/\/urbilar.com\/property\/piso-en-el-centro-con-dos-dormitorios-y-plaza-de-garaje-incluida\/\",\"name\":\"PISO EN EL CENTRO CON DOS DORMITORIOS Y PLAZA DE GARAJE INCLUIDA - Urbilar\",\"isPartOf\":{\"@id\":\"https:\/\/urbilar.com\/#website\"},\"primaryImageOfPage\":{\"@id\":\"https:\/\/urbilar.com\/property\/piso-en-el-centro-con-dos-dormitorios-y-plaza-de-garaje-incluida\/#primaryimage\"},\"image\":{\"@id\":\"https:\/\/urbilar.com\/property\/piso-en-el-centro-con-dos-dormitorios-y-plaza-de-garaje-incluida\/#primaryimage\"},\"thumbnailUrl\":\"https:\/\/urbilar.com\/wp-content\/uploads\/2026\/03\/13810-1.jpg?v=1776421728\",\"datePublished\":\"2026-03-04T15:11:38+00:00\",\"dateModified\":\"2026-04-20T14:33:18+00:00\",\"breadcrumb\":{\"@id\":\"https:\/\/urbilar.com\/property\/piso-en-el-centro-con-dos-dormitorios-y-plaza-de-garaje-incluida\/#breadcrumb\"},\"inLanguage\":\"en-GB\",\"potentialAction\":[{\"@type\":\"ReadAction\",\"target\":[\"https:\/\/urbilar.com\/property\/piso-en-el-centro-con-dos-dormitorios-y-plaza-de-garaje-incluida\/\"]}]},{\"@type\":\"ImageObject\",\"inLanguage\":\"en-GB\",\"@id\":\"https:\/\/urbilar.com\/property\/piso-en-el-centro-con-dos-dormitorios-y-plaza-de-garaje-incluida\/#primaryimage\",\"url\":\"https:\/\/urbilar.com\/wp-content\/uploads\/2026\/03\/13810-1.jpg?v=1776421728\",\"contentUrl\":\"https:\/\/urbilar.com\/wp-content\/uploads\/2026\/03\/13810-1.jpg?v=1776421728\",\"width\":1300,\"height\":800},{\"@type\":\"BreadcrumbList\",\"@id\":\"https:\/\/urbilar.com\/property\/piso-en-el-centro-con-dos-dormitorios-y-plaza-de-garaje-incluida\/#breadcrumb\",\"itemListElement\":[{\"@type\":\"ListItem\",\"position\":1,\"name\":\"Portada\",\"item\":\"https:\/\/urbilar.com\/\"},{\"@type\":\"ListItem\",\"position\":2,\"name\":\"Propiedades\",\"item\":\"https:\/\/urbilar.com\/property\/\"},{\"@type\":\"ListItem\",\"position\":3,\"name\":\"PISO EN EL CENTRO CON DOS DORMITORIOS Y PLAZA DE GARAJE INCLUIDA\"}]},{\"@type\":\"WebSite\",\"@id\":\"https:\/\/urbilar.com\/#website\",\"url\":\"https:\/\/urbilar.com\/\",\"name\":\"Urbilar\",\"description\":\"\",\"potentialAction\":[{\"@type\":\"SearchAction\",\"target\":{\"@type\":\"EntryPoint\",\"urlTemplate\":\"https:\/\/urbilar.com\/?s={search_term_string}\"},\"query-input\":{\"@type\":\"PropertyValueSpecification\",\"valueRequired\":true,\"valueName\":\"search_term_string\"}}],\"inLanguage\":\"en-GB\"}]}<\/script>\n<!-- \/ Yoast SEO plugin. -->","yoast_head_json":{"title":"PISO EN EL CENTRO CON DOS DORMITORIOS Y PLAZA DE GARAJE INCLUIDA - Urbilar","robots":{"index":"index","follow":"follow","max-snippet":"max-snippet:-1","max-image-preview":"max-image-preview:large","max-video-preview":"max-video-preview:-1"},"canonical":"https:\/\/urbilar.com\/en\/property\/piso-en-el-centro-con-dos-dormitorios-y-plaza-de-garaje-incluida\/","og_locale":"en_GB","og_type":"article","og_title":"PISO EN EL CENTRO CON DOS DORMITORIOS Y PLAZA DE GARAJE INCLUIDA - Urbilar","og_description":"RESERVADO. VIVIENDA NO DISPONIBLE. ZONA CENTRO URBANO. URBILAR. COM les ofrece un piso en pleno centro urbano. La vivienda dispone de dos dormitorios dobles, (antes 3 ), sal\u00f3n comedor amplio y exterior con balc\u00f3n, cocina office, independiente y con acceso a patio interior, dos ba\u00f1o completos, uno de ellos en suite principal. Espaciosos armarios empotrados. [&hellip;]","og_url":"https:\/\/urbilar.com\/en\/property\/piso-en-el-centro-con-dos-dormitorios-y-plaza-de-garaje-incluida\/","og_site_name":"Urbilar","article_modified_time":"2026-04-20T14:33:18+00:00","og_image":[{"width":1300,"height":800,"url":"https:\/\/urbilar.com\/wp-content\/uploads\/2026\/03\/13810-1.jpg?v=1776421728","type":"image\/jpeg"}],"twitter_card":"summary_large_image","twitter_misc":{"Estimated reading time":"2 minutes"},"schema":{"@context":"https:\/\/schema.org","@graph":[{"@type":"WebPage","@id":"https:\/\/urbilar.com\/property\/piso-en-el-centro-con-dos-dormitorios-y-plaza-de-garaje-incluida\/","url":"https:\/\/urbilar.com\/property\/piso-en-el-centro-con-dos-dormitorios-y-plaza-de-garaje-incluida\/","name":"PISO EN EL CENTRO CON DOS DORMITORIOS Y PLAZA DE GARAJE INCLUIDA - Urbilar","isPartOf":{"@id":"https:\/\/urbilar.com\/#website"},"primaryImageOfPage":{"@id":"https:\/\/urbilar.com\/property\/piso-en-el-centro-con-dos-dormitorios-y-plaza-de-garaje-incluida\/#primaryimage"},"image":{"@id":"https:\/\/urbilar.com\/property\/piso-en-el-centro-con-dos-dormitorios-y-plaza-de-garaje-incluida\/#primaryimage"},"thumbnailUrl":"https:\/\/urbilar.com\/wp-content\/uploads\/2026\/03\/13810-1.jpg?v=1776421728","datePublished":"2026-03-04T15:11:38+00:00","dateModified":"2026-04-20T14:33:18+00:00","breadcrumb":{"@id":"https:\/\/urbilar.com\/property\/piso-en-el-centro-con-dos-dormitorios-y-plaza-de-garaje-incluida\/#breadcrumb"},"inLanguage":"en-GB","potentialAction":[{"@type":"ReadAction","target":["https:\/\/urbilar.com\/property\/piso-en-el-centro-con-dos-dormitorios-y-plaza-de-garaje-incluida\/"]}]},{"@type":"ImageObject","inLanguage":"en-GB","@id":"https:\/\/urbilar.com\/property\/piso-en-el-centro-con-dos-dormitorios-y-plaza-de-garaje-incluida\/#primaryimage","url":"https:\/\/urbilar.com\/wp-content\/uploads\/2026\/03\/13810-1.jpg?v=1776421728","contentUrl":"https:\/\/urbilar.com\/wp-content\/uploads\/2026\/03\/13810-1.jpg?v=1776421728","width":1300,"height":800},{"@type":"BreadcrumbList","@id":"https:\/\/urbilar.com\/property\/piso-en-el-centro-con-dos-dormitorios-y-plaza-de-garaje-incluida\/#breadcrumb","itemListElement":[{"@type":"ListItem","position":1,"name":"Portada","item":"https:\/\/urbilar.com\/"},{"@type":"ListItem","position":2,"name":"Propiedades","item":"https:\/\/urbilar.com\/property\/"},{"@type":"ListItem","position":3,"name":"PISO EN EL CENTRO CON DOS DORMITORIOS Y PLAZA DE GARAJE INCLUIDA"}]},{"@type":"WebSite","@id":"https:\/\/urbilar.com\/#website","url":"https:\/\/urbilar.com\/","name":"Urbilar","description":"","potentialAction":[{"@type":"SearchAction","target":{"@type":"EntryPoint","urlTemplate":"https:\/\/urbilar.com\/?s={search_term_string}"},"query-input":{"@type":"PropertyValueSpecification","valueRequired":true,"valueName":"search_term_string"}}],"inLanguage":"en-GB"}]}},"_links":{"self":[{"href":"https:\/\/urbilar.com\/en\/wp-json\/wp\/v2\/properties\/3018","targetHints":{"allow":["GET"]}}],"collection":[{"href":"https:\/\/urbilar.com\/en\/wp-json\/wp\/v2\/properties"}],"about":[{"href":"https:\/\/urbilar.com\/en\/wp-json\/wp\/v2\/types\/property"}],"author":[{"embeddable":true,"href":"https:\/\/urbilar.com\/en\/wp-json\/wp\/v2\/users\/6"}],"version-history":[{"count":5,"href":"https:\/\/urbilar.com\/en\/wp-json\/wp\/v2\/properties\/3018\/revisions"}],"predecessor-version":[{"id":3146,"href":"https:\/\/urbilar.com\/en\/wp-json\/wp\/v2\/properties\/3018\/revisions\/3146"}],"wp:featuredmedia":[{"embeddable":true,"href":"https:\/\/urbilar.com\/en\/wp-json\/wp\/v2\/media\/3120"}],"wp:attachment":[{"href":"https:\/\/urbilar.com\/en\/wp-json\/wp\/v2\/media?parent=3018"}],"wp:term":[{"taxonomy":"property_type","embeddable":true,"href":"https:\/\/urbilar.com\/en\/wp-json\/wp\/v2\/property_type?post=3018"},{"taxonomy":"property_status","embeddable":true,"href":"https:\/\/urbilar.com\/en\/wp-json\/wp\/v2\/property_status?post=3018"},{"taxonomy":"property_feature","embeddable":true,"href":"https:\/\/urbilar.com\/en\/wp-json\/wp\/v2\/property_feature?post=3018"},{"taxonomy":"property_label","embeddable":true,"href":"https:\/\/urbilar.com\/en\/wp-json\/wp\/v2\/property_label?post=3018"},{"taxonomy":"property_country","embeddable":true,"href":"https:\/\/urbilar.com\/en\/wp-json\/wp\/v2\/property_country?post=3018"},{"taxonomy":"property_state","embeddable":true,"href":"https:\/\/urbilar.com\/en\/wp-json\/wp\/v2\/property_state?post=3018"},{"taxonomy":"property_city","embeddable":true,"href":"https:\/\/urbilar.com\/en\/wp-json\/wp\/v2\/property_city?post=3018"},{"taxonomy":"property_area","embeddable":true,"href":"https:\/\/urbilar.com\/en\/wp-json\/wp\/v2\/property_area?post=3018"}],"curies":[{"name":"wp","href":"https:\/\/api.w.org\/{rel}","templated":true}]}}