{"id":3147,"date":"2026-04-27T07:21:05","date_gmt":"2026-04-27T07:21:05","guid":{"rendered":"https:\/\/urbilar.com\/?post_type=property&#038;p=3147"},"modified":"2026-04-27T07:50:17","modified_gmt":"2026-04-27T07:50:17","slug":"urbilar-com-centrico-piso-para-entrar-a-vivir","status":"publish","type":"property","link":"https:\/\/urbilar.com\/en\/property\/urbilar-com-centrico-piso-para-entrar-a-vivir\/","title":{"rendered":"URBILAR.COM C\u00c9NTRICO PISO PARA ENTRAR A VIVIR"},"content":{"rendered":"<p><strong>URBILAR. COM EN LA ELIANA<\/strong>. C\u00e9ntrico piso exterior. Su interior se distribuye en un amplio sal\u00f3n comedor con balc\u00f3n, cocina office e independiente, tres dormitorios con armarios empotrados y dos ba\u00f1os completos, uno de ellos en suite. Dispone de aire acondicionado. Vivienda en muy buen estado. Gastos de comunidad incluidos en la mensualidad.<br>Vivienda disponible \u00daNICAMENTE en <strong>ALQUILER DE LARGA DURACI\u00d3N. ( NO VACACIONAL).<\/strong><br>La informaci\u00f3n de la propiedad puede estar sujeta a errores, se muestra a t\u00edtulo informativo y no contractual.<br>Por mandato expreso del propietario comercializamos este inmueble<strong> EN EXCLUSIV<\/strong>A, lo que le garantiza un servicio de calidad, un trato f\u00e1cil, sencillo y sin interferencias de terceros. Por este motivo, se ruega no molestar a la propiedad ni a sus vecinos.<br>Con el fin de evitar el intrusismo y\/o conductas comerciales inapropiadas y garantizar as\u00ed a nuestros clientes el servicio de calidad y profesionalidad ofrecido, les informamos que \u00fanicamente colaboramos en la gesti\u00f3n de nuestros inmuebles con agencias inmobiliarias y agentes externos de demostrada trayectoria profesional y debidamente registrados.<br>Honorarios del Mediador en caso de alquiler: UNA MENSUALIDAD m\u00e1s el IVA correspondiente a la firma del contrato de alquiler. <strong>No proceder\u00e1n honorarios en los alquileres de viviendas de uso habitual y\/o larga duraci\u00f3n.<\/strong><br>Inscrita con el N\u00ba RAICV 4114 en el Registro Obligatorio de Agentes Inmobiliarios de la Comunidad Valenciana, seg\u00fan el DECRETO de 29 de julio del Consell, por el que se regula el Registro de Agentes de Intermediaci\u00f3n Inmobiliaria de la Comunidad Valenciana.<\/p>","protected":false},"excerpt":{"rendered":"<p>URBILAR. COM EN LA ELIANA. C\u00e9ntrico piso exterior. Su interior se distribuye en un amplio sal\u00f3n comedor con balc\u00f3n, cocina office e independiente, tres dormitorios con armarios empotrados y dos ba\u00f1os completos, uno de ellos en suite. Dispone de aire acondicionado. Vivienda en muy buen estado. Gastos de comunidad incluidos en la mensualidad.Vivienda disponible \u00daNICAMENTE [&hellip;]<\/p>","protected":false},"author":6,"featured_media":3162,"parent":0,"menu_order":0,"template":"","property_type":[68],"property_status":[21],"property_feature":[25,19,101],"property_label":[],"property_country":[54],"property_state":[16],"property_city":[36],"property_area":[80],"class_list":["post-3147","property","type-property","status-publish","has-post-thumbnail","hentry","property_type-piso","property_status-alquiler","property_feature-cerca-metro","property_feature-cerca-pueblo","property_feature-reformado","property_country-espana","property_state-comunidad-valenciana","property_city-valencia","property_area-la-eliana"],"property_meta":{"_edit_lock":["1777276525:6"],"_edit_last":["6"],"fave_property_price":["1300"],"fave_show_price_placeholder":["0"],"fave_property_bedrooms":["3"],"fave_property_bathrooms":["2"],"fave_property_map":["1"],"fave_property_location":["39.566592576031,-0.52981674671173,18"],"houzez_geolocation_lat":["39.566592576031"],"houzez_geolocation_long":["-0.52981674671173"],"fave_property_map_street_view":["hide"],"fave_featured":["0"],"houzez_featured_listing_date":[""],"fave_loggedintoview":["0"],"fave_agent_display_option":["author_info"],"fave_prop_homeslider":["no"],"fave_single_top_area":["global"],"fave_single_content_area":["global"],"cmplz_hide_cookiebanner":[""],"houzez_manual_expire":["0"],"_houzez_expiration_date_status":["saved"],"_yoast_wpseo_primary_property_type":["68"],"_yoast_wpseo_primary_property_status":["21"],"_yoast_wpseo_primary_property_feature":["19"],"_yoast_wpseo_primary_property_label":[""],"_yoast_wpseo_primary_property_country":["54"],"_yoast_wpseo_primary_property_state":["16"],"_yoast_wpseo_primary_property_city":["36"],"_yoast_wpseo_primary_property_area":["80"],"_yoast_wpseo_content_score":["60"],"_yoast_wpseo_estimated-reading-time-minutes":["2"],"fave_property_map_address":["AYUNTAMIENTO DE LA ELIANA, VALENCIA"],"houzez_total_property_views":["13"],"houzez_views_by_date":["a:2:{s:10:\"04-27-2026\";i:12;s:10:\"04-29-2026\";i:1;}"],"houzez_recently_viewed":["2026-04-29 02:17:02"],"_elementor_page_assets":["a:0:{}"],"_thumbnail_id":["3162"],"fave_property_images":["3149","3159","3163","3151","3152","3153","3154","3155","3156","3157","3158","3160","3161","3162","3164","3165","3166","3168","3167","3169"]},"yoast_head":"<!-- This site is optimized with the Yoast SEO plugin v26.3 - https:\/\/yoast.com\/wordpress\/plugins\/seo\/ -->\n<title>URBILAR.COM C\u00c9NTRICO PISO PARA ENTRAR A VIVIR - Urbilar<\/title>\n<meta name=\"robots\" content=\"index, follow, max-snippet:-1, max-image-preview:large, max-video-preview:-1\" \/>\n<link rel=\"canonical\" href=\"https:\/\/urbilar.com\/en\/property\/urbilar-com-centrico-piso-para-entrar-a-vivir\/\" \/>\n<meta property=\"og:locale\" content=\"en_GB\" \/>\n<meta property=\"og:type\" content=\"article\" \/>\n<meta property=\"og:title\" content=\"URBILAR.COM C\u00c9NTRICO PISO PARA ENTRAR A VIVIR - Urbilar\" \/>\n<meta property=\"og:description\" content=\"URBILAR. COM EN LA ELIANA. C\u00e9ntrico piso exterior. Su interior se distribuye en un amplio sal\u00f3n comedor con balc\u00f3n, cocina office e independiente, tres dormitorios con armarios empotrados y dos ba\u00f1os completos, uno de ellos en suite. Dispone de aire acondicionado. Vivienda en muy buen estado. Gastos de comunidad incluidos en la mensualidad.Vivienda disponible \u00daNICAMENTE [&hellip;]\" \/>\n<meta property=\"og:url\" content=\"https:\/\/urbilar.com\/en\/property\/urbilar-com-centrico-piso-para-entrar-a-vivir\/\" \/>\n<meta property=\"og:site_name\" content=\"Urbilar\" \/>\n<meta property=\"article:modified_time\" content=\"2026-04-27T07:50:17+00:00\" \/>\n<meta property=\"og:image\" content=\"https:\/\/urbilar.com\/wp-content\/uploads\/2026\/04\/12817-1-1.jpg?v=1777274523\" \/>\n\t<meta property=\"og:image:width\" content=\"800\" \/>\n\t<meta property=\"og:image:height\" content=\"600\" \/>\n\t<meta property=\"og:image:type\" content=\"image\/jpeg\" \/>\n<meta name=\"twitter:card\" content=\"summary_large_image\" \/>\n<meta name=\"twitter:label1\" content=\"Estimated reading time\" \/>\n\t<meta name=\"twitter:data1\" content=\"2 minutes\" \/>\n<script type=\"application\/ld+json\" class=\"yoast-schema-graph\">{\"@context\":\"https:\/\/schema.org\",\"@graph\":[{\"@type\":\"WebPage\",\"@id\":\"https:\/\/urbilar.com\/property\/urbilar-com-centrico-piso-para-entrar-a-vivir\/\",\"url\":\"https:\/\/urbilar.com\/property\/urbilar-com-centrico-piso-para-entrar-a-vivir\/\",\"name\":\"URBILAR.COM C\u00c9NTRICO PISO PARA ENTRAR A VIVIR - Urbilar\",\"isPartOf\":{\"@id\":\"https:\/\/urbilar.com\/#website\"},\"primaryImageOfPage\":{\"@id\":\"https:\/\/urbilar.com\/property\/urbilar-com-centrico-piso-para-entrar-a-vivir\/#primaryimage\"},\"image\":{\"@id\":\"https:\/\/urbilar.com\/property\/urbilar-com-centrico-piso-para-entrar-a-vivir\/#primaryimage\"},\"thumbnailUrl\":\"https:\/\/urbilar.com\/wp-content\/uploads\/2026\/04\/12817-1-1.jpg?v=1777274523\",\"datePublished\":\"2026-04-27T07:21:05+00:00\",\"dateModified\":\"2026-04-27T07:50:17+00:00\",\"breadcrumb\":{\"@id\":\"https:\/\/urbilar.com\/property\/urbilar-com-centrico-piso-para-entrar-a-vivir\/#breadcrumb\"},\"inLanguage\":\"en-GB\",\"potentialAction\":[{\"@type\":\"ReadAction\",\"target\":[\"https:\/\/urbilar.com\/property\/urbilar-com-centrico-piso-para-entrar-a-vivir\/\"]}]},{\"@type\":\"ImageObject\",\"inLanguage\":\"en-GB\",\"@id\":\"https:\/\/urbilar.com\/property\/urbilar-com-centrico-piso-para-entrar-a-vivir\/#primaryimage\",\"url\":\"https:\/\/urbilar.com\/wp-content\/uploads\/2026\/04\/12817-1-1.jpg?v=1777274523\",\"contentUrl\":\"https:\/\/urbilar.com\/wp-content\/uploads\/2026\/04\/12817-1-1.jpg?v=1777274523\",\"width\":800,\"height\":600},{\"@type\":\"BreadcrumbList\",\"@id\":\"https:\/\/urbilar.com\/property\/urbilar-com-centrico-piso-para-entrar-a-vivir\/#breadcrumb\",\"itemListElement\":[{\"@type\":\"ListItem\",\"position\":1,\"name\":\"Portada\",\"item\":\"https:\/\/urbilar.com\/\"},{\"@type\":\"ListItem\",\"position\":2,\"name\":\"Propiedades\",\"item\":\"https:\/\/urbilar.com\/property\/\"},{\"@type\":\"ListItem\",\"position\":3,\"name\":\"URBILAR.COM C\u00c9NTRICO PISO PARA ENTRAR A VIVIR\"}]},{\"@type\":\"WebSite\",\"@id\":\"https:\/\/urbilar.com\/#website\",\"url\":\"https:\/\/urbilar.com\/\",\"name\":\"Urbilar\",\"description\":\"\",\"potentialAction\":[{\"@type\":\"SearchAction\",\"target\":{\"@type\":\"EntryPoint\",\"urlTemplate\":\"https:\/\/urbilar.com\/?s={search_term_string}\"},\"query-input\":{\"@type\":\"PropertyValueSpecification\",\"valueRequired\":true,\"valueName\":\"search_term_string\"}}],\"inLanguage\":\"en-GB\"}]}<\/script>\n<!-- \/ Yoast SEO plugin. -->","yoast_head_json":{"title":"URBILAR.COM C\u00c9NTRICO PISO PARA ENTRAR A VIVIR - Urbilar","robots":{"index":"index","follow":"follow","max-snippet":"max-snippet:-1","max-image-preview":"max-image-preview:large","max-video-preview":"max-video-preview:-1"},"canonical":"https:\/\/urbilar.com\/en\/property\/urbilar-com-centrico-piso-para-entrar-a-vivir\/","og_locale":"en_GB","og_type":"article","og_title":"URBILAR.COM C\u00c9NTRICO PISO PARA ENTRAR A VIVIR - Urbilar","og_description":"URBILAR. COM EN LA ELIANA. C\u00e9ntrico piso exterior. Su interior se distribuye en un amplio sal\u00f3n comedor con balc\u00f3n, cocina office e independiente, tres dormitorios con armarios empotrados y dos ba\u00f1os completos, uno de ellos en suite. Dispone de aire acondicionado. Vivienda en muy buen estado. Gastos de comunidad incluidos en la mensualidad.Vivienda disponible \u00daNICAMENTE [&hellip;]","og_url":"https:\/\/urbilar.com\/en\/property\/urbilar-com-centrico-piso-para-entrar-a-vivir\/","og_site_name":"Urbilar","article_modified_time":"2026-04-27T07:50:17+00:00","og_image":[{"width":800,"height":600,"url":"https:\/\/urbilar.com\/wp-content\/uploads\/2026\/04\/12817-1-1.jpg?v=1777274523","type":"image\/jpeg"}],"twitter_card":"summary_large_image","twitter_misc":{"Estimated reading time":"2 minutes"},"schema":{"@context":"https:\/\/schema.org","@graph":[{"@type":"WebPage","@id":"https:\/\/urbilar.com\/property\/urbilar-com-centrico-piso-para-entrar-a-vivir\/","url":"https:\/\/urbilar.com\/property\/urbilar-com-centrico-piso-para-entrar-a-vivir\/","name":"URBILAR.COM C\u00c9NTRICO PISO PARA ENTRAR A VIVIR - Urbilar","isPartOf":{"@id":"https:\/\/urbilar.com\/#website"},"primaryImageOfPage":{"@id":"https:\/\/urbilar.com\/property\/urbilar-com-centrico-piso-para-entrar-a-vivir\/#primaryimage"},"image":{"@id":"https:\/\/urbilar.com\/property\/urbilar-com-centrico-piso-para-entrar-a-vivir\/#primaryimage"},"thumbnailUrl":"https:\/\/urbilar.com\/wp-content\/uploads\/2026\/04\/12817-1-1.jpg?v=1777274523","datePublished":"2026-04-27T07:21:05+00:00","dateModified":"2026-04-27T07:50:17+00:00","breadcrumb":{"@id":"https:\/\/urbilar.com\/property\/urbilar-com-centrico-piso-para-entrar-a-vivir\/#breadcrumb"},"inLanguage":"en-GB","potentialAction":[{"@type":"ReadAction","target":["https:\/\/urbilar.com\/property\/urbilar-com-centrico-piso-para-entrar-a-vivir\/"]}]},{"@type":"ImageObject","inLanguage":"en-GB","@id":"https:\/\/urbilar.com\/property\/urbilar-com-centrico-piso-para-entrar-a-vivir\/#primaryimage","url":"https:\/\/urbilar.com\/wp-content\/uploads\/2026\/04\/12817-1-1.jpg?v=1777274523","contentUrl":"https:\/\/urbilar.com\/wp-content\/uploads\/2026\/04\/12817-1-1.jpg?v=1777274523","width":800,"height":600},{"@type":"BreadcrumbList","@id":"https:\/\/urbilar.com\/property\/urbilar-com-centrico-piso-para-entrar-a-vivir\/#breadcrumb","itemListElement":[{"@type":"ListItem","position":1,"name":"Portada","item":"https:\/\/urbilar.com\/"},{"@type":"ListItem","position":2,"name":"Propiedades","item":"https:\/\/urbilar.com\/property\/"},{"@type":"ListItem","position":3,"name":"URBILAR.COM C\u00c9NTRICO PISO PARA ENTRAR A VIVIR"}]},{"@type":"WebSite","@id":"https:\/\/urbilar.com\/#website","url":"https:\/\/urbilar.com\/","name":"Urbilar","description":"","potentialAction":[{"@type":"SearchAction","target":{"@type":"EntryPoint","urlTemplate":"https:\/\/urbilar.com\/?s={search_term_string}"},"query-input":{"@type":"PropertyValueSpecification","valueRequired":true,"valueName":"search_term_string"}}],"inLanguage":"en-GB"}]}},"_links":{"self":[{"href":"https:\/\/urbilar.com\/en\/wp-json\/wp\/v2\/properties\/3147","targetHints":{"allow":["GET"]}}],"collection":[{"href":"https:\/\/urbilar.com\/en\/wp-json\/wp\/v2\/properties"}],"about":[{"href":"https:\/\/urbilar.com\/en\/wp-json\/wp\/v2\/types\/property"}],"author":[{"embeddable":true,"href":"https:\/\/urbilar.com\/en\/wp-json\/wp\/v2\/users\/6"}],"version-history":[{"count":1,"href":"https:\/\/urbilar.com\/en\/wp-json\/wp\/v2\/properties\/3147\/revisions"}],"predecessor-version":[{"id":3148,"href":"https:\/\/urbilar.com\/en\/wp-json\/wp\/v2\/properties\/3147\/revisions\/3148"}],"wp:featuredmedia":[{"embeddable":true,"href":"https:\/\/urbilar.com\/en\/wp-json\/wp\/v2\/media\/3162"}],"wp:attachment":[{"href":"https:\/\/urbilar.com\/en\/wp-json\/wp\/v2\/media?parent=3147"}],"wp:term":[{"taxonomy":"property_type","embeddable":true,"href":"https:\/\/urbilar.com\/en\/wp-json\/wp\/v2\/property_type?post=3147"},{"taxonomy":"property_status","embeddable":true,"href":"https:\/\/urbilar.com\/en\/wp-json\/wp\/v2\/property_status?post=3147"},{"taxonomy":"property_feature","embeddable":true,"href":"https:\/\/urbilar.com\/en\/wp-json\/wp\/v2\/property_feature?post=3147"},{"taxonomy":"property_label","embeddable":true,"href":"https:\/\/urbilar.com\/en\/wp-json\/wp\/v2\/property_label?post=3147"},{"taxonomy":"property_country","embeddable":true,"href":"https:\/\/urbilar.com\/en\/wp-json\/wp\/v2\/property_country?post=3147"},{"taxonomy":"property_state","embeddable":true,"href":"https:\/\/urbilar.com\/en\/wp-json\/wp\/v2\/property_state?post=3147"},{"taxonomy":"property_city","embeddable":true,"href":"https:\/\/urbilar.com\/en\/wp-json\/wp\/v2\/property_city?post=3147"},{"taxonomy":"property_area","embeddable":true,"href":"https:\/\/urbilar.com\/en\/wp-json\/wp\/v2\/property_area?post=3147"}],"curies":[{"name":"wp","href":"https:\/\/api.w.org\/{rel}","templated":true}]}}